{"id":24751,"date":"2024-03-19T09:10:27","date_gmt":"2024-03-19T09:10:27","guid":{"rendered":"https:\/\/avo-link.eu\/?page_id=24751"},"modified":"2024-03-28T13:44:47","modified_gmt":"2024-03-28T13:44:47","slug":"avolink-marche-en-famenne","status":"publish","type":"page","link":"https:\/\/avolink.be\/fr\/reseau-de-cabinets-davocats\/avolink-marche-en-famenne\/","title":{"rendered":"Avolink-marche-en-famenne"},"content":{"rendered":"\t\t<div data-elementor-type=\"wp-page\" data-elementor-id=\"24751\" class=\"elementor elementor-24751 elementor-23070\">\n\t\t\t\t\t\t<section class=\"elementor-section elementor-top-section elementor-element elementor-element-be98a56 elementor-section-full_width elementor-section-height-default elementor-section-height-default sc_fly_static\" data-id=\"be98a56\" data-element_type=\"section\" data-e-type=\"section\">\n\t\t\t\t\t\t<div class=\"elementor-container elementor-column-gap-extended\">\n\t\t\t\t\t<div class=\"elementor-column elementor-col-33 elementor-top-column elementor-element elementor-element-4cc5c93 sc_inner_width_none sc_content_align_inherit sc_layouts_column_icons_position_left sc_fly_static\" data-id=\"4cc5c93\" data-element_type=\"column\" data-e-type=\"column\">\n\t\t\t<div class=\"elementor-widget-wrap elementor-element-populated\">\n\t\t\t\t\t\t<div class=\"elementor-element elementor-element-548b8af sc_fly_static elementor-widget elementor-widget-spacer\" data-id=\"548b8af\" data-element_type=\"widget\" data-e-type=\"widget\" data-widget_type=\"spacer.default\">\n\t\t\t\t<div class=\"elementor-widget-container\">\n\t\t\t\t\t\t\t<div class=\"elementor-spacer\">\n\t\t\t<div class=\"elementor-spacer-inner\"><\/div>\n\t\t<\/div>\n\t\t\t\t\t\t<\/div>\n\t\t\t\t<\/div>\n\t\t\t\t\t<\/div>\n\t\t<\/div>\n\t\t\t\t<div class=\"elementor-column elementor-col-33 elementor-top-column elementor-element elementor-element-796d16d sc_inner_width_none sc_content_align_inherit sc_layouts_column_icons_position_left sc_fly_static\" data-id=\"796d16d\" data-element_type=\"column\" data-e-type=\"column\">\n\t\t\t<div class=\"elementor-widget-wrap elementor-element-populated\">\n\t\t\t\t\t\t<div class=\"elementor-element elementor-element-60d09cc sc_layouts_hide_on_mobile sc_fly_static elementor-widget elementor-widget-spacer\" data-id=\"60d09cc\" data-element_type=\"widget\" data-e-type=\"widget\" data-widget_type=\"spacer.default\">\n\t\t\t\t<div class=\"elementor-widget-container\">\n\t\t\t\t\t\t\t<div class=\"elementor-spacer\">\n\t\t\t<div class=\"elementor-spacer-inner\"><\/div>\n\t\t<\/div>\n\t\t\t\t\t\t<\/div>\n\t\t\t\t<\/div>\n\t\t\t\t<div class=\"elementor-element elementor-element-7b9cc4a sc_fly_static elementor-widget elementor-widget-text-editor\" data-id=\"7b9cc4a\" data-element_type=\"widget\" data-e-type=\"widget\" data-widget_type=\"text-editor.default\">\n\t\t\t\t<div class=\"elementor-widget-container\">\n\t\t\t\t\t\t\t\t\t<div class=\"max-width-container\"><div class=\"visual-content-left\"><h1 class=\"red font-bold font-large\"><span style=\"color: #9a2655;\">Avolink Marche en Famenne<br \/><\/span><\/h1><h4><span style=\"color: #847c61;\"><strong class=\"subtitle\">Avolegis Advocaten<\/strong><\/span><\/h4><div class=\"visual-content\"><div class=\"visual-content\"><div class=\"visual-content\"><div class=\"visual-content\"><div class=\"visual-content\"><ul class=\"checkmark\"><li>Nous disposons d&rsquo;une large expertise<\/li><li>Impliqu\u00e9 dans votre affaire juridique<\/li><li>Nous fournissons des services abordables<\/li><\/ul><\/div><\/div><\/div><\/div><\/div><\/div><\/div>\t\t\t\t\t\t\t\t<\/div>\n\t\t\t\t<\/div>\n\t\t\t\t\t<\/div>\n\t\t<\/div>\n\t\t\t\t<div class=\"elementor-column elementor-col-33 elementor-top-column elementor-element elementor-element-0c5392e sc_inner_width_none sc_content_align_inherit sc_layouts_column_icons_position_left sc_fly_static\" data-id=\"0c5392e\" data-element_type=\"column\" data-e-type=\"column\" data-settings=\"{&quot;background_background&quot;:&quot;classic&quot;}\">\n\t\t\t<div class=\"elementor-widget-wrap elementor-element-populated\">\n\t\t\t\t\t\t<div class=\"elementor-element elementor-element-7520dd0 sc_fly_static elementor-widget elementor-widget-spacer\" data-id=\"7520dd0\" data-element_type=\"widget\" data-e-type=\"widget\" data-widget_type=\"spacer.default\">\n\t\t\t\t<div class=\"elementor-widget-container\">\n\t\t\t\t\t\t\t<div class=\"elementor-spacer\">\n\t\t\t<div class=\"elementor-spacer-inner\"><\/div>\n\t\t<\/div>\n\t\t\t\t\t\t<\/div>\n\t\t\t\t<\/div>\n\t\t\t\t\t<\/div>\n\t\t<\/div>\n\t\t\t\t\t<\/div>\n\t\t<\/section>\n\t\t\t\t<section class=\"elementor-section elementor-top-section elementor-element elementor-element-2f63a08 elementor-section-boxed elementor-section-height-default elementor-section-height-default sc_fly_static\" data-id=\"2f63a08\" data-element_type=\"section\" data-e-type=\"section\" data-settings=\"{&quot;background_background&quot;:&quot;classic&quot;}\">\n\t\t\t\t\t\t<div class=\"elementor-container elementor-column-gap-extended\">\n\t\t\t\t\t<div class=\"elementor-column elementor-col-100 elementor-top-column elementor-element elementor-element-0937262 sc_inner_width_none sc_content_align_inherit sc_layouts_column_icons_position_left sc_fly_static\" data-id=\"0937262\" data-element_type=\"column\" data-e-type=\"column\">\n\t\t\t<div class=\"elementor-widget-wrap elementor-element-populated\">\n\t\t\t\t\t\t<div class=\"elementor-element elementor-element-9c3bbfe sc_height_huge sc_fly_static elementor-widget elementor-widget-spacer\" data-id=\"9c3bbfe\" data-element_type=\"widget\" data-e-type=\"widget\" data-widget_type=\"spacer.default\">\n\t\t\t\t<div class=\"elementor-widget-container\">\n\t\t\t\t\t\t\t<div class=\"elementor-spacer\">\n\t\t\t<div class=\"elementor-spacer-inner\"><\/div>\n\t\t<\/div>\n\t\t\t\t\t\t<\/div>\n\t\t\t\t<\/div>\n\t\t\t\t\t<\/div>\n\t\t<\/div>\n\t\t\t\t\t<\/div>\n\t\t<\/section>\n\t\t\t\t<section class=\"elementor-section elementor-top-section elementor-element elementor-element-87bf96a elementor-section-content-top elementor-reverse-mobile elementor-section-boxed elementor-section-height-default elementor-section-height-default sc_fly_static\" data-id=\"87bf96a\" data-element_type=\"section\" data-e-type=\"section\" data-settings=\"{&quot;background_background&quot;:&quot;classic&quot;}\">\n\t\t\t\t\t\t<div class=\"elementor-container elementor-column-gap-extended\">\n\t\t\t\t\t<div class=\"elementor-column elementor-col-50 elementor-top-column elementor-element elementor-element-e710d77 sc_inner_width_none sc_content_align_inherit sc_layouts_column_icons_position_left sc_fly_static\" data-id=\"e710d77\" data-element_type=\"column\" data-e-type=\"column\">\n\t\t\t<div class=\"elementor-widget-wrap elementor-element-populated\">\n\t\t\t\t\t\t<div class=\"elementor-element elementor-element-2e0fa46 gallery-spacing-custom sc_fly_static elementor-widget elementor-widget-image-gallery\" data-id=\"2e0fa46\" data-element_type=\"widget\" data-e-type=\"widget\" data-widget_type=\"image-gallery.default\">\n\t\t\t\t<div class=\"elementor-widget-container\">\n\t\t\t\t\t\t\t<div class=\"elementor-image-gallery\">\n\t\t\t<div id='gallery-1' class='gallery galleryid-24751 gallery-columns-2 gallery-size-qwery-thumb-masonry-big'><figure class='gallery-item'>\n\t\t\t<div class='gallery-icon landscape'>\n\t\t\t\t<a data-elementor-open-lightbox=\"yes\" data-elementor-lightbox-slideshow=\"2e0fa46\" data-elementor-lightbox-title=\"avolegis-team\" data-e-action-hash=\"#elementor-action%3Aaction%3Dlightbox%26settings%3DeyJpZCI6MjQzODgsInVybCI6Imh0dHBzOlwvXC9hdm9saW5rLmJlXC93cC1jb250ZW50XC91cGxvYWRzXC8yMDI0XC8wM1wvYXZvbGVnaXMtdGVhbS5qcGciLCJzbGlkZXNob3ciOiIyZTBmYTQ2In0%3D\" href='https:\/\/avolink.be\/wp-content\/uploads\/2024\/03\/avolegis-team.jpg'><img fetchpriority=\"high\" decoding=\"async\" width=\"840\" height=\"837\" src=\"https:\/\/avolink.be\/wp-content\/uploads\/2024\/03\/avolegis-team-840x837.jpg\" class=\"attachment-qwery-thumb-masonry-big size-qwery-thumb-masonry-big\" alt=\"\" srcset=\"https:\/\/avolink.be\/wp-content\/uploads\/2024\/03\/avolegis-team-840x837.jpg 840w, https:\/\/avolink.be\/wp-content\/uploads\/2024\/03\/avolegis-team-300x300.jpg 300w, https:\/\/avolink.be\/wp-content\/uploads\/2024\/03\/avolegis-team-150x150.jpg 150w, https:\/\/avolink.be\/wp-content\/uploads\/2024\/03\/avolegis-team-768x765.jpg 768w, https:\/\/avolink.be\/wp-content\/uploads\/2024\/03\/avolegis-team-370x370.jpg 370w, https:\/\/avolink.be\/wp-content\/uploads\/2024\/03\/avolegis-team-120x120.jpg 120w, https:\/\/avolink.be\/wp-content\/uploads\/2024\/03\/avolegis-team-410x408.jpg 410w, https:\/\/avolink.be\/wp-content\/uploads\/2024\/03\/avolegis-team.jpg 960w\" sizes=\"(max-width: 840px) 100vw, 840px\" \/><\/a>\n\t\t\t<\/div><\/figure><figure class='gallery-item'>\n\t\t\t<div class='gallery-icon portrait'>\n\t\t\t\t<a data-elementor-open-lightbox=\"yes\" data-elementor-lightbox-slideshow=\"2e0fa46\" data-elementor-lightbox-title=\"45576500_2150113861917902_1362410840866684928_n\" data-e-action-hash=\"#elementor-action%3Aaction%3Dlightbox%26settings%3DeyJpZCI6MjQzOTEsInVybCI6Imh0dHBzOlwvXC9hdm9saW5rLmJlXC93cC1jb250ZW50XC91cGxvYWRzXC8yMDI0XC8wM1wvNDU1NzY1MDBfMjE1MDExMzg2MTkxNzkwMl8xMzYyNDEwODQwODY2Njg0OTI4X24uanBnIiwic2xpZGVzaG93IjoiMmUwZmE0NiJ9\" href='https:\/\/avolink.be\/wp-content\/uploads\/2024\/03\/45576500_2150113861917902_1362410840866684928_n.jpg'><img decoding=\"async\" width=\"713\" height=\"960\" src=\"https:\/\/avolink.be\/wp-content\/uploads\/2024\/03\/45576500_2150113861917902_1362410840866684928_n.jpg\" class=\"attachment-qwery-thumb-masonry-big size-qwery-thumb-masonry-big\" alt=\"\" srcset=\"https:\/\/avolink.be\/wp-content\/uploads\/2024\/03\/45576500_2150113861917902_1362410840866684928_n.jpg 713w, https:\/\/avolink.be\/wp-content\/uploads\/2024\/03\/45576500_2150113861917902_1362410840866684928_n-223x300.jpg 223w, https:\/\/avolink.be\/wp-content\/uploads\/2024\/03\/45576500_2150113861917902_1362410840866684928_n-370x498.jpg 370w, https:\/\/avolink.be\/wp-content\/uploads\/2024\/03\/45576500_2150113861917902_1362410840866684928_n-410x552.jpg 410w\" sizes=\"(max-width: 713px) 100vw, 713px\" \/><\/a>\n\t\t\t<\/div><\/figure>\n\t\t<\/div>\n\t\t<\/div>\n\t\t\t\t\t\t<\/div>\n\t\t\t\t<\/div>\n\t\t\t\t<div class=\"elementor-element elementor-element-df6a9d6 gallery-spacing-custom sc_fly_static elementor-widget elementor-widget-image-gallery\" data-id=\"df6a9d6\" data-element_type=\"widget\" data-e-type=\"widget\" data-widget_type=\"image-gallery.default\">\n\t\t\t\t<div class=\"elementor-widget-container\">\n\t\t\t\t\t\t\t<div class=\"elementor-image-gallery\">\n\t\t\t<div id='gallery-2' class='gallery galleryid-24751 gallery-columns-2 gallery-size-qwery-thumb-masonry-big'><figure class='gallery-item'>\n\t\t\t<div class='gallery-icon landscape'>\n\t\t\t\t<a data-elementor-open-lightbox=\"yes\" data-elementor-lightbox-slideshow=\"df6a9d6\" data-elementor-lightbox-title=\"Avolegis_Logo_b\" data-e-action-hash=\"#elementor-action%3Aaction%3Dlightbox%26settings%3DeyJpZCI6MjQzOTQsInVybCI6Imh0dHBzOlwvXC9hdm9saW5rLmJlXC93cC1jb250ZW50XC91cGxvYWRzXC8yMDI0XC8wM1wvQXZvbGVnaXNfTG9nb19iLmpwZyIsInNsaWRlc2hvdyI6ImRmNmE5ZDYifQ%3D%3D\" href='https:\/\/avolink.be\/wp-content\/uploads\/2024\/03\/Avolegis_Logo_b.jpg'><img decoding=\"async\" width=\"840\" height=\"604\" src=\"https:\/\/avolink.be\/wp-content\/uploads\/2024\/03\/Avolegis_Logo_b-840x604.jpg\" class=\"attachment-qwery-thumb-masonry-big size-qwery-thumb-masonry-big\" alt=\"\" srcset=\"https:\/\/avolink.be\/wp-content\/uploads\/2024\/03\/Avolegis_Logo_b-840x604.jpg 840w, https:\/\/avolink.be\/wp-content\/uploads\/2024\/03\/Avolegis_Logo_b-300x216.jpg 300w, https:\/\/avolink.be\/wp-content\/uploads\/2024\/03\/Avolegis_Logo_b-1024x736.jpg 1024w, https:\/\/avolink.be\/wp-content\/uploads\/2024\/03\/Avolegis_Logo_b-768x552.jpg 768w, https:\/\/avolink.be\/wp-content\/uploads\/2024\/03\/Avolegis_Logo_b-370x266.jpg 370w, https:\/\/avolink.be\/wp-content\/uploads\/2024\/03\/Avolegis_Logo_b-410x295.jpg 410w, https:\/\/avolink.be\/wp-content\/uploads\/2024\/03\/Avolegis_Logo_b.jpg 1098w\" sizes=\"(max-width: 840px) 100vw, 840px\" \/><\/a>\n\t\t\t<\/div><\/figure>\n\t\t<\/div>\n\t\t<\/div>\n\t\t\t\t\t\t<\/div>\n\t\t\t\t<\/div>\n\t\t\t\t<div class=\"elementor-element elementor-element-10892c0 sc_fly_static elementor-widget elementor-widget-spacer\" data-id=\"10892c0\" data-element_type=\"widget\" data-e-type=\"widget\" data-widget_type=\"spacer.default\">\n\t\t\t\t<div class=\"elementor-widget-container\">\n\t\t\t\t\t\t\t<div class=\"elementor-spacer\">\n\t\t\t<div class=\"elementor-spacer-inner\"><\/div>\n\t\t<\/div>\n\t\t\t\t\t\t<\/div>\n\t\t\t\t<\/div>\n\t\t\t\t\t<\/div>\n\t\t<\/div>\n\t\t\t\t<div class=\"elementor-column elementor-col-50 elementor-top-column elementor-element elementor-element-0d6df0d sc_inner_width_none sc_content_align_inherit sc_layouts_column_icons_position_left sc_fly_static\" data-id=\"0d6df0d\" data-element_type=\"column\" data-e-type=\"column\">\n\t\t\t<div class=\"elementor-widget-wrap elementor-element-populated\">\n\t\t\t\t\t\t<div class=\"elementor-element elementor-element-e8b384e sc_fly_static elementor-widget elementor-widget-text-editor\" data-id=\"e8b384e\" data-element_type=\"widget\" data-e-type=\"widget\" data-widget_type=\"text-editor.default\">\n\t\t\t\t<div class=\"elementor-widget-container\">\n\t\t\t\t\t\t\t\t\t<h2 class=\"content-title\">Avolegis<\/h2><h4 class=\"paragraph-heading\"><span style=\"color: #9a2655;\">Adresse<\/span><\/h4><p>Rue Victor Libert 45<br \/>6900 Marche-en-Famenne<\/p><h4 class=\"paragraph-heading\"><span style=\"color: #9a2655;\">Br\u00e8ve description<br \/><\/span><\/h4><p>Olivier Vajda est membre du cabinet d&rsquo;avocats AVOLEGIS \u00e0 Marche en Famenne. Le cabinet intervient dans tous les domaines du droit. Il s&rsquo;agit notamment du droit civil et familial, du droit commercial, du droit p\u00e9nal, du droit du travail, etc. Pour plus d&rsquo;informations, consultez le site www.avolegis.com. Ou suivez-nous sur <a href=\"https:\/\/www.facebook.com\/AVOLEGIS-1607494272846533\/\">Facebook.<\/a><\/p>\t\t\t\t\t\t\t\t<\/div>\n\t\t\t\t<\/div>\n\t\t\t\t<div class=\"elementor-element elementor-element-66a984e sc_fly_static elementor-widget elementor-widget-spacer\" data-id=\"66a984e\" data-element_type=\"widget\" data-e-type=\"widget\" data-widget_type=\"spacer.default\">\n\t\t\t\t<div class=\"elementor-widget-container\">\n\t\t\t\t\t\t\t<div class=\"elementor-spacer\">\n\t\t\t<div class=\"elementor-spacer-inner\"><\/div>\n\t\t<\/div>\n\t\t\t\t\t\t<\/div>\n\t\t\t\t<\/div>\n\t\t\t\t<div class=\"elementor-element elementor-element-bb27d92 sc_fly_static elementor-widget elementor-widget-heading\" data-id=\"bb27d92\" data-element_type=\"widget\" data-e-type=\"widget\" data-widget_type=\"heading.default\">\n\t\t\t\t<div class=\"elementor-widget-container\">\n\t\t\t\t\t<h4 class=\"elementor-heading-title elementor-size-default\">\" Votre cabinet d'avocats pour toutes vos questions juridiques. \"\n<\/h4>\t\t\t\t<\/div>\n\t\t\t\t<\/div>\n\t\t\t\t<div class=\"elementor-element elementor-element-53eeb80 sc_fly_static elementor-widget elementor-widget-spacer\" data-id=\"53eeb80\" data-element_type=\"widget\" data-e-type=\"widget\" data-widget_type=\"spacer.default\">\n\t\t\t\t<div class=\"elementor-widget-container\">\n\t\t\t\t\t\t\t<div class=\"elementor-spacer\">\n\t\t\t<div class=\"elementor-spacer-inner\"><\/div>\n\t\t<\/div>\n\t\t\t\t\t\t<\/div>\n\t\t\t\t<\/div>\n\t\t\t\t<div class=\"elementor-element elementor-element-1c23ba4 sc_fly_static elementor-widget elementor-widget-text-editor\" data-id=\"1c23ba4\" data-element_type=\"widget\" data-e-type=\"widget\" data-widget_type=\"text-editor.default\">\n\t\t\t\t<div class=\"elementor-widget-container\">\n\t\t\t\t\t\t\t\t\t<p>Ma\u00eetre Vajda est titulaire d&rsquo;un dipl\u00f4me universitaire en droit des assurances. Il est \u00e9galement r\u00e9guli\u00e8rement d\u00e9sign\u00e9 par les tribunaux comme administrateur judiciaire ou m\u00e9diateur de dettes.<\/p>\t\t\t\t\t\t\t\t<\/div>\n\t\t\t\t<\/div>\n\t\t\t\t<div class=\"elementor-element elementor-element-929032e sc_fly_static elementor-widget elementor-widget-spacer\" data-id=\"929032e\" data-element_type=\"widget\" data-e-type=\"widget\" data-widget_type=\"spacer.default\">\n\t\t\t\t<div class=\"elementor-widget-container\">\n\t\t\t\t\t\t\t<div class=\"elementor-spacer\">\n\t\t\t<div class=\"elementor-spacer-inner\"><\/div>\n\t\t<\/div>\n\t\t\t\t\t\t<\/div>\n\t\t\t\t<\/div>\n\t\t\t\t\t<\/div>\n\t\t<\/div>\n\t\t\t\t\t<\/div>\n\t\t<\/section>\n\t\t\t\t<section class=\"elementor-section elementor-top-section elementor-element elementor-element-f2d92c1 elementor-section-boxed elementor-section-height-default elementor-section-height-default sc_fly_static\" data-id=\"f2d92c1\" data-element_type=\"section\" data-e-type=\"section\" data-settings=\"{&quot;background_background&quot;:&quot;classic&quot;}\">\n\t\t\t\t\t\t<div class=\"elementor-container elementor-column-gap-extended\">\n\t\t\t\t\t<div class=\"elementor-column elementor-col-100 elementor-top-column elementor-element elementor-element-b1d5957 sc_inner_width_none sc_content_align_inherit sc_layouts_column_icons_position_left sc_fly_static\" data-id=\"b1d5957\" data-element_type=\"column\" data-e-type=\"column\">\n\t\t\t<div class=\"elementor-widget-wrap elementor-element-populated\">\n\t\t\t\t\t\t<div class=\"elementor-element elementor-element-d3fab7f sc_height_huge sc_fly_static elementor-widget elementor-widget-spacer\" data-id=\"d3fab7f\" data-element_type=\"widget\" data-e-type=\"widget\" data-widget_type=\"spacer.default\">\n\t\t\t\t<div class=\"elementor-widget-container\">\n\t\t\t\t\t\t\t<div class=\"elementor-spacer\">\n\t\t\t<div class=\"elementor-spacer-inner\"><\/div>\n\t\t<\/div>\n\t\t\t\t\t\t<\/div>\n\t\t\t\t<\/div>\n\t\t\t\t<div class=\"elementor-element elementor-element-e0299d4 sc_layouts_hide_on_tablet sc_layouts_hide_on_mobile sc_fly_static elementor-widget elementor-widget-spacer\" data-id=\"e0299d4\" data-element_type=\"widget\" data-e-type=\"widget\" data-widget_type=\"spacer.default\">\n\t\t\t\t<div class=\"elementor-widget-container\">\n\t\t\t\t\t\t\t<div class=\"elementor-spacer\">\n\t\t\t<div class=\"elementor-spacer-inner\"><\/div>\n\t\t<\/div>\n\t\t\t\t\t\t<\/div>\n\t\t\t\t<\/div>\n\t\t\t\t\t<\/div>\n\t\t<\/div>\n\t\t\t\t\t<\/div>\n\t\t<\/section>\n\t\t\t\t<\/div>\n\t\t","protected":false},"excerpt":{"rendered":"<p>Avolink Marche en Famenne Avolegis Advocaten Nous disposons d&rsquo;une large expertise Impliqu\u00e9 dans votre affaire&hellip;<\/p>\n","protected":false},"author":1,"featured_media":0,"parent":24642,"menu_order":0,"comment_status":"closed","ping_status":"closed","template":"","meta":{"om_disable_all_campaigns":false,"_monsterinsights_skip_tracking":false,"footnotes":""},"class_list":["post-24751","page","type-page","status-publish","hentry"],"aioseo_notices":[],"aioseo_head":"\n\t\t<!-- All in One SEO 5.0.1.1 - aioseo.com -->\n\t<meta name=\"description\" content=\"Avolink Marche en FamenneAvolegis AdvocatenNous disposons d\u2019une large expertiseImpliqu\u00e9 dans votre affaire juridiqueNous fournissons des services abordables AvolegisAdresseRue Victor Libert 456900 Marche-en-FamenneBr\u00e8ve descriptionOlivier Vajda est membre du cabinet d\u2019avocats AVOLEGIS \u00e0 Marche en Famenne. Le cabinet intervient dans tous les domaines du droit. Il s\u2019agit notamment du droit civil et familial, du droit commercial, du\" \/>\n\t<meta name=\"robots\" content=\"max-image-preview:large\" \/>\n\t<link rel=\"canonical\" href=\"https:\/\/avolink.be\/fr\/reseau-de-cabinets-davocats\/avolink-marche-en-famenne\/\" \/>\n\t<meta name=\"generator\" content=\"All in One SEO (AIOSEO) 5.0.1.1\" \/>\n\t\t<meta property=\"og:locale\" content=\"fr_FR\" \/>\n\t\t<meta property=\"og:site_name\" content=\"Avolink - Advocatennetwerk in Belgi\u00eb en Luxemburg\" \/>\n\t\t<meta property=\"og:type\" content=\"article\" \/>\n\t\t<meta property=\"og:title\" content=\"Avolink-marche-en-famenne - Avolink\" \/>\n\t\t<meta property=\"og:description\" content=\"Avolink Marche en FamenneAvolegis AdvocatenNous disposons d\u2019une large expertiseImpliqu\u00e9 dans votre affaire juridiqueNous fournissons des services abordables AvolegisAdresseRue Victor Libert 456900 Marche-en-FamenneBr\u00e8ve descriptionOlivier Vajda est membre du cabinet d\u2019avocats AVOLEGIS \u00e0 Marche en Famenne. Le cabinet intervient dans tous les domaines du droit. Il s\u2019agit notamment du droit civil et familial, du droit commercial, du\" \/>\n\t\t<meta property=\"og:url\" content=\"https:\/\/avolink.be\/fr\/reseau-de-cabinets-davocats\/avolink-marche-en-famenne\/\" \/>\n\t\t<meta property=\"og:image\" content=\"https:\/\/avolink.be\/wp-content\/uploads\/2022\/07\/avolink-logo2024.png\" \/>\n\t\t<meta property=\"og:image:secure_url\" content=\"https:\/\/avolink.be\/wp-content\/uploads\/2022\/07\/avolink-logo2024.png\" \/>\n\t\t<meta property=\"og:image:width\" content=\"300\" \/>\n\t\t<meta property=\"og:image:height\" content=\"300\" \/>\n\t\t<meta property=\"article:published_time\" content=\"2024-03-19T09:10:27+00:00\" \/>\n\t\t<meta property=\"article:modified_time\" content=\"2024-03-28T13:44:47+00:00\" \/>\n\t\t<meta name=\"twitter:card\" content=\"summary_large_image\" \/>\n\t\t<meta name=\"twitter:title\" content=\"Avolink-marche-en-famenne - Avolink\" \/>\n\t\t<meta name=\"twitter:description\" content=\"Avolink Marche en FamenneAvolegis AdvocatenNous disposons d\u2019une large expertiseImpliqu\u00e9 dans votre affaire juridiqueNous fournissons des services abordables AvolegisAdresseRue Victor Libert 456900 Marche-en-FamenneBr\u00e8ve descriptionOlivier Vajda est membre du cabinet d\u2019avocats AVOLEGIS \u00e0 Marche en Famenne. Le cabinet intervient dans tous les domaines du droit. Il s\u2019agit notamment du droit civil et familial, du droit commercial, du\" \/>\n\t\t<meta name=\"twitter:image\" content=\"https:\/\/avolink.be\/wp-content\/uploads\/2022\/07\/avolink-logo2024.png\" \/>\n\t\t<script type=\"application\/ld+json\" class=\"aioseo-schema\">\n\t\t\t{\"@context\":\"https:\\\/\\\/schema.org\",\"@graph\":[{\"@type\":\"BreadcrumbList\",\"@id\":\"https:\\\/\\\/avolink.be\\\/fr\\\/reseau-de-cabinets-davocats\\\/avolink-marche-en-famenne\\\/#breadcrumblist\",\"itemListElement\":[{\"@type\":\"ListItem\",\"@id\":\"https:\\\/\\\/avolink.be\\\/fr\\\/#listItem\",\"position\":1,\"name\":\"Home\",\"item\":\"https:\\\/\\\/avolink.be\\\/fr\\\/\",\"nextItem\":{\"@type\":\"ListItem\",\"@id\":\"https:\\\/\\\/avolink.be\\\/fr\\\/reseau-de-cabinets-davocats\\\/#listItem\",\"name\":\"R\\u00e9seau de cabinets d&rsquo;avocats\"}},{\"@type\":\"ListItem\",\"@id\":\"https:\\\/\\\/avolink.be\\\/fr\\\/reseau-de-cabinets-davocats\\\/#listItem\",\"position\":2,\"name\":\"R\\u00e9seau de cabinets d&rsquo;avocats\",\"item\":\"https:\\\/\\\/avolink.be\\\/fr\\\/reseau-de-cabinets-davocats\\\/\",\"nextItem\":{\"@type\":\"ListItem\",\"@id\":\"https:\\\/\\\/avolink.be\\\/fr\\\/reseau-de-cabinets-davocats\\\/avolink-marche-en-famenne\\\/#listItem\",\"name\":\"Avolink-marche-en-famenne\"},\"previousItem\":{\"@type\":\"ListItem\",\"@id\":\"https:\\\/\\\/avolink.be\\\/fr\\\/#listItem\",\"name\":\"Home\"}},{\"@type\":\"ListItem\",\"@id\":\"https:\\\/\\\/avolink.be\\\/fr\\\/reseau-de-cabinets-davocats\\\/avolink-marche-en-famenne\\\/#listItem\",\"position\":3,\"name\":\"Avolink-marche-en-famenne\",\"previousItem\":{\"@type\":\"ListItem\",\"@id\":\"https:\\\/\\\/avolink.be\\\/fr\\\/reseau-de-cabinets-davocats\\\/#listItem\",\"name\":\"R\\u00e9seau de cabinets d&rsquo;avocats\"}}]},{\"@type\":\"Organization\",\"@id\":\"https:\\\/\\\/avolink.be\\\/fr\\\/#organization\",\"name\":\"Avolink\",\"description\":\"Advocatennetwerk in Belgi\\u00eb en Luxemburg\",\"url\":\"https:\\\/\\\/avolink.be\\\/fr\\\/\",\"logo\":{\"@type\":\"ImageObject\",\"url\":\"https:\\\/\\\/avolink.be\\\/wp-content\\\/uploads\\\/2022\\\/07\\\/cropped-avolink-logo2024.png\",\"@id\":\"https:\\\/\\\/avolink.be\\\/fr\\\/reseau-de-cabinets-davocats\\\/avolink-marche-en-famenne\\\/#organizationLogo\",\"width\":512,\"height\":512},\"image\":{\"@id\":\"https:\\\/\\\/avolink.be\\\/fr\\\/reseau-de-cabinets-davocats\\\/avolink-marche-en-famenne\\\/#organizationLogo\"}},{\"@type\":\"WebPage\",\"@id\":\"https:\\\/\\\/avolink.be\\\/fr\\\/reseau-de-cabinets-davocats\\\/avolink-marche-en-famenne\\\/#webpage\",\"url\":\"https:\\\/\\\/avolink.be\\\/fr\\\/reseau-de-cabinets-davocats\\\/avolink-marche-en-famenne\\\/\",\"name\":\"Avolink-marche-en-famenne - Avolink\",\"description\":\"Avolink Marche en FamenneAvolegis AdvocatenNous disposons d\\u2019une large expertiseImpliqu\\u00e9 dans votre affaire juridiqueNous fournissons des services abordables AvolegisAdresseRue Victor Libert 456900 Marche-en-FamenneBr\\u00e8ve descriptionOlivier Vajda est membre du cabinet d\\u2019avocats AVOLEGIS \\u00e0 Marche en Famenne. Le cabinet intervient dans tous les domaines du droit. Il s\\u2019agit notamment du droit civil et familial, du droit commercial, du\",\"inLanguage\":\"fr-FR\",\"isPartOf\":{\"@id\":\"https:\\\/\\\/avolink.be\\\/fr\\\/#website\"},\"breadcrumb\":{\"@id\":\"https:\\\/\\\/avolink.be\\\/fr\\\/reseau-de-cabinets-davocats\\\/avolink-marche-en-famenne\\\/#breadcrumblist\"},\"datePublished\":\"2024-03-19T09:10:27+00:00\",\"dateModified\":\"2024-03-28T13:44:47+00:00\"},{\"@type\":\"WebSite\",\"@id\":\"https:\\\/\\\/avolink.be\\\/fr\\\/#website\",\"url\":\"https:\\\/\\\/avolink.be\\\/fr\\\/\",\"name\":\"Avolink\",\"description\":\"Advocatennetwerk in Belgi\\u00eb en Luxemburg\",\"inLanguage\":\"fr-FR\",\"publisher\":{\"@id\":\"https:\\\/\\\/avolink.be\\\/fr\\\/#organization\"}}]}\n\t\t<\/script>\n\t\t<!-- All in One SEO -->\n\n","aioseo_head_json":{"title":"Avolink-marche-en-famenne - Avolink","description":"Avolink Marche en FamenneAvolegis AdvocatenNous disposons d\u2019une large expertiseImpliqu\u00e9 dans votre affaire juridiqueNous fournissons des services abordables AvolegisAdresseRue Victor Libert 456900 Marche-en-FamenneBr\u00e8ve descriptionOlivier Vajda est membre du cabinet d\u2019avocats AVOLEGIS \u00e0 Marche en Famenne. Le cabinet intervient dans tous les domaines du droit. Il s\u2019agit notamment du droit civil et familial, du droit commercial, du","canonical_url":"https:\/\/avolink.be\/fr\/reseau-de-cabinets-davocats\/avolink-marche-en-famenne\/","robots":"max-image-preview:large","keywords":"","webmasterTools":{"miscellaneous":""},"schema":{"@context":"https:\/\/schema.org","@graph":[{"@type":"BreadcrumbList","@id":"https:\/\/avolink.be\/fr\/reseau-de-cabinets-davocats\/avolink-marche-en-famenne\/#breadcrumblist","itemListElement":[{"@type":"ListItem","@id":"https:\/\/avolink.be\/fr\/#listItem","position":1,"name":"Home","item":"https:\/\/avolink.be\/fr\/","nextItem":{"@type":"ListItem","@id":"https:\/\/avolink.be\/fr\/reseau-de-cabinets-davocats\/#listItem","name":"R\u00e9seau de cabinets d&rsquo;avocats"}},{"@type":"ListItem","@id":"https:\/\/avolink.be\/fr\/reseau-de-cabinets-davocats\/#listItem","position":2,"name":"R\u00e9seau de cabinets d&rsquo;avocats","item":"https:\/\/avolink.be\/fr\/reseau-de-cabinets-davocats\/","nextItem":{"@type":"ListItem","@id":"https:\/\/avolink.be\/fr\/reseau-de-cabinets-davocats\/avolink-marche-en-famenne\/#listItem","name":"Avolink-marche-en-famenne"},"previousItem":{"@type":"ListItem","@id":"https:\/\/avolink.be\/fr\/#listItem","name":"Home"}},{"@type":"ListItem","@id":"https:\/\/avolink.be\/fr\/reseau-de-cabinets-davocats\/avolink-marche-en-famenne\/#listItem","position":3,"name":"Avolink-marche-en-famenne","previousItem":{"@type":"ListItem","@id":"https:\/\/avolink.be\/fr\/reseau-de-cabinets-davocats\/#listItem","name":"R\u00e9seau de cabinets d&rsquo;avocats"}}]},{"@type":"Organization","@id":"https:\/\/avolink.be\/fr\/#organization","name":"Avolink","description":"Advocatennetwerk in Belgi\u00eb en Luxemburg","url":"https:\/\/avolink.be\/fr\/","logo":{"@type":"ImageObject","url":"https:\/\/avolink.be\/wp-content\/uploads\/2022\/07\/cropped-avolink-logo2024.png","@id":"https:\/\/avolink.be\/fr\/reseau-de-cabinets-davocats\/avolink-marche-en-famenne\/#organizationLogo","width":512,"height":512},"image":{"@id":"https:\/\/avolink.be\/fr\/reseau-de-cabinets-davocats\/avolink-marche-en-famenne\/#organizationLogo"}},{"@type":"WebPage","@id":"https:\/\/avolink.be\/fr\/reseau-de-cabinets-davocats\/avolink-marche-en-famenne\/#webpage","url":"https:\/\/avolink.be\/fr\/reseau-de-cabinets-davocats\/avolink-marche-en-famenne\/","name":"Avolink-marche-en-famenne - Avolink","description":"Avolink Marche en FamenneAvolegis AdvocatenNous disposons d\u2019une large expertiseImpliqu\u00e9 dans votre affaire juridiqueNous fournissons des services abordables AvolegisAdresseRue Victor Libert 456900 Marche-en-FamenneBr\u00e8ve descriptionOlivier Vajda est membre du cabinet d\u2019avocats AVOLEGIS \u00e0 Marche en Famenne. Le cabinet intervient dans tous les domaines du droit. Il s\u2019agit notamment du droit civil et familial, du droit commercial, du","inLanguage":"fr-FR","isPartOf":{"@id":"https:\/\/avolink.be\/fr\/#website"},"breadcrumb":{"@id":"https:\/\/avolink.be\/fr\/reseau-de-cabinets-davocats\/avolink-marche-en-famenne\/#breadcrumblist"},"datePublished":"2024-03-19T09:10:27+00:00","dateModified":"2024-03-28T13:44:47+00:00"},{"@type":"WebSite","@id":"https:\/\/avolink.be\/fr\/#website","url":"https:\/\/avolink.be\/fr\/","name":"Avolink","description":"Advocatennetwerk in Belgi\u00eb en Luxemburg","inLanguage":"fr-FR","publisher":{"@id":"https:\/\/avolink.be\/fr\/#organization"}}]},"og:locale":"fr_FR","og:site_name":"Avolink - Advocatennetwerk in Belgi\u00eb en Luxemburg","og:type":"article","og:title":"Avolink-marche-en-famenne - Avolink","og:description":"Avolink Marche en FamenneAvolegis AdvocatenNous disposons d\u2019une large expertiseImpliqu\u00e9 dans votre affaire juridiqueNous fournissons des services abordables AvolegisAdresseRue Victor Libert 456900 Marche-en-FamenneBr\u00e8ve descriptionOlivier Vajda est membre du cabinet d\u2019avocats AVOLEGIS \u00e0 Marche en Famenne. Le cabinet intervient dans tous les domaines du droit. Il s\u2019agit notamment du droit civil et familial, du droit commercial, du","og:url":"https:\/\/avolink.be\/fr\/reseau-de-cabinets-davocats\/avolink-marche-en-famenne\/","og:image":"https:\/\/avolink.be\/wp-content\/uploads\/2022\/07\/avolink-logo2024.png","og:image:secure_url":"https:\/\/avolink.be\/wp-content\/uploads\/2022\/07\/avolink-logo2024.png","og:image:width":300,"og:image:height":300,"article:published_time":"2024-03-19T09:10:27+00:00","article:modified_time":"2024-03-28T13:44:47+00:00","twitter:card":"summary_large_image","twitter:title":"Avolink-marche-en-famenne - Avolink","twitter:description":"Avolink Marche en FamenneAvolegis AdvocatenNous disposons d\u2019une large expertiseImpliqu\u00e9 dans votre affaire juridiqueNous fournissons des services abordables AvolegisAdresseRue Victor Libert 456900 Marche-en-FamenneBr\u00e8ve descriptionOlivier Vajda est membre du cabinet d\u2019avocats AVOLEGIS \u00e0 Marche en Famenne. Le cabinet intervient dans tous les domaines du droit. Il s\u2019agit notamment du droit civil et familial, du droit commercial, du","twitter:image":"https:\/\/avolink.be\/wp-content\/uploads\/2022\/07\/avolink-logo2024.png"},"aioseo_meta_data":{"post_id":"24751","title":null,"description":null,"keywords":null,"keyphrases":null,"primary_term":null,"canonical_url":null,"og_title":null,"og_description":null,"og_object_type":"default","og_image_type":"default","og_image_url":null,"og_image_width":null,"og_image_height":null,"og_image_custom_url":null,"og_image_custom_fields":null,"og_video":null,"og_custom_url":null,"og_article_section":null,"og_article_tags":null,"twitter_use_og":false,"twitter_card":"default","twitter_image_type":"default","twitter_image_url":null,"twitter_image_custom_url":null,"twitter_image_custom_fields":null,"twitter_title":null,"twitter_description":null,"schema":{"blockGraphs":[],"customGraphs":[],"default":{"data":{"Article":[],"Course":[],"Dataset":[],"FAQPage":[],"Movie":[],"Person":[],"Product":[],"ProductReview":[],"Car":[],"Recipe":[],"Service":[],"SoftwareApplication":[],"WebPage":[]},"graphName":"","isEnabled":true},"graphs":[]},"schema_type":"default","schema_type_options":null,"pillar_content":false,"robots_default":true,"robots_noindex":false,"robots_noarchive":false,"robots_nosnippet":false,"robots_nofollow":false,"robots_noimageindex":false,"robots_noodp":false,"robots_notranslate":false,"robots_max_snippet":null,"robots_max_videopreview":null,"robots_max_imagepreview":"large","priority":null,"frequency":null,"local_seo":null,"limit_modified_date":false,"created":"2024-05-13 15:20:11","updated":"2026-08-31 11:33:43","focus_keyword":null,"additional_keywords":null,"truseo_locale":null,"ai":null,"breadcrumb_settings":null,"seo_analyzer_scan_date":null},"aioseo_breadcrumb":"<div class=\"aioseo-breadcrumbs\"><span class=\"aioseo-breadcrumb\">\n\t\t\t<a href=\"https:\/\/avolink.be\/fr\/\" title=\"Home\">Home<\/a>\n\t\t<\/span><span class=\"aioseo-breadcrumb-separator\">&raquo;<\/span><span class=\"aioseo-breadcrumb\">\n\t\t\t<a href=\"https:\/\/avolink.be\/fr\/reseau-de-cabinets-davocats\/\" title=\"R\u00e9seau de cabinets d\u2019avocats\">R\u00e9seau de cabinets d\u2019avocats<\/a>\n\t\t<\/span><span class=\"aioseo-breadcrumb-separator\">&raquo;<\/span><span class=\"aioseo-breadcrumb\">\n\t\t\tAvolink-marche-en-famenne\n\t\t<\/span><\/div>","aioseo_breadcrumb_json":[{"label":"Home","link":"https:\/\/avolink.be\/fr\/"},{"label":"R\u00e9seau de cabinets d&rsquo;avocats","link":"https:\/\/avolink.be\/fr\/reseau-de-cabinets-davocats\/"},{"label":"Avolink-marche-en-famenne","link":"https:\/\/avolink.be\/fr\/reseau-de-cabinets-davocats\/avolink-marche-en-famenne\/"}],"_links":{"self":[{"href":"https:\/\/avolink.be\/fr\/wp-json\/wp\/v2\/pages\/24751","targetHints":{"allow":["GET"]}}],"collection":[{"href":"https:\/\/avolink.be\/fr\/wp-json\/wp\/v2\/pages"}],"about":[{"href":"https:\/\/avolink.be\/fr\/wp-json\/wp\/v2\/types\/page"}],"author":[{"embeddable":true,"href":"https:\/\/avolink.be\/fr\/wp-json\/wp\/v2\/users\/1"}],"replies":[{"embeddable":true,"href":"https:\/\/avolink.be\/fr\/wp-json\/wp\/v2\/comments?post=24751"}],"version-history":[{"count":5,"href":"https:\/\/avolink.be\/fr\/wp-json\/wp\/v2\/pages\/24751\/revisions"}],"predecessor-version":[{"id":24834,"href":"https:\/\/avolink.be\/fr\/wp-json\/wp\/v2\/pages\/24751\/revisions\/24834"}],"up":[{"embeddable":true,"href":"https:\/\/avolink.be\/fr\/wp-json\/wp\/v2\/pages\/24642"}],"wp:attachment":[{"href":"https:\/\/avolink.be\/fr\/wp-json\/wp\/v2\/media?parent=24751"}],"curies":[{"name":"wp","href":"https:\/\/api.w.org\/{rel}","templated":true}]}}